{"id":15361,"date":"2024-03-19T18:28:33","date_gmt":"2024-03-19T18:28:33","guid":{"rendered":"http:\/\/dev.gefaesspraxis-muenchen-sued.de\/?page_id=15361"},"modified":"2026-02-14T06:32:07","modified_gmt":"2026-02-14T06:32:07","slug":"privatpraxis","status":"publish","type":"page","link":"https:\/\/gefaesspraxis-muenchen-sued.de\/en\/privatpraxis\/","title":{"rendered":"Privat\u00ad\u00ad\u00adpraxis"},"content":{"rendered":"<div data-elementor-type=\"wp-page\" data-elementor-id=\"15361\" class=\"elementor elementor-15361\">\n\t\t\t\t\t\t<section class=\"elementor-section elementor-top-section elementor-element elementor-element-737f2346 qodef-elementor-content-grid elementor-section-full_width elementor-section-height-default elementor-section-height-default\" data-id=\"737f2346\" data-element_type=\"section\" data-e-type=\"section\">\n\t\t\t\t\t\t<div class=\"elementor-container elementor-column-gap-default\">\n\t\t\t\t\t<div class=\"elementor-column elementor-col-33 elementor-top-column elementor-element elementor-element-44a31895\" data-id=\"44a31895\" data-element_type=\"column\" data-e-type=\"column\">\n\t\t\t<div class=\"elementor-widget-wrap elementor-element-populated\">\n\t\t\t\t\t\t<div class=\"elementor-element elementor-element-7b2aeceb elementor-widget__width-initial elementor-widget-tablet__width-inherit elementor-widget elementor-widget-promedica_core_icon_with_text\" data-id=\"7b2aeceb\" data-element_type=\"widget\" data-e-type=\"widget\" data-widget_type=\"promedica_core_icon_with_text.default\">\n\t\t\t\t<div class=\"elementor-widget-container\">\n\t\t\t\t\t<div class=\"qodef-shortcode qodef-m  qodef-icon-with-text qodef-layout--top qodef--custom-icon qodef-alignment--left\">\n\t<div class=\"qodef-m-icon-wrapper\">\n\t\t\t\t\t<img decoding=\"async\" width=\"29\" height=\"41\" src=\"https:\/\/gefaesspraxis-muenchen-sued.de\/wp-content\/uploads\/2020\/12\/h1-icon-img-1.png\" class=\"attachment-full size-full\" alt=\"jj\" \/>\t\t<\/div>\n\t<div class=\"qodef-m-content\">\n\t\t\t<h5 class=\"qodef-m-title\" style=\"color: #302D2D\">\n\t\t\t\t\t<span class=\"qodef-m-title-text\">Checkup<\/span>\n\t\t\t<\/h5>\n\t\t\t<p class=\"qodef-m-text\" style=\"color: #302D2D\">Pr\u00e4vention spielt insbesondere bei der Gef\u00e4\u00dfverkalkung (Arteriosklerose) eine gro\u00dfe Bedeutung. <\/p>\n\t<\/div>\n<\/div>\n\t\t\t\t<\/div>\n\t\t\t\t<\/div>\n\t\t\t\t\t<\/div>\n\t\t<\/div>\n\t\t\t\t<div class=\"elementor-column elementor-col-33 elementor-top-column elementor-element elementor-element-abf52fc\" data-id=\"abf52fc\" data-element_type=\"column\" data-e-type=\"column\">\n\t\t\t<div class=\"elementor-widget-wrap elementor-element-populated\">\n\t\t\t\t\t\t<div class=\"elementor-element elementor-element-501be48b elementor-widget__width-initial elementor-widget-tablet__width-inherit elementor-widget elementor-widget-promedica_core_icon_with_text\" data-id=\"501be48b\" data-element_type=\"widget\" data-e-type=\"widget\" data-widget_type=\"promedica_core_icon_with_text.default\">\n\t\t\t\t<div class=\"elementor-widget-container\">\n\t\t\t\t\t<div class=\"qodef-shortcode qodef-m  qodef-icon-with-text qodef-layout--top qodef--custom-icon qodef-alignment--left\">\n\t<div class=\"qodef-m-icon-wrapper\">\n\t\t\t\t\t<img decoding=\"async\" width=\"40\" height=\"41\" src=\"https:\/\/gefaesspraxis-muenchen-sued.de\/wp-content\/uploads\/2020\/12\/p1-icon-1.png\" class=\"attachment-full size-full\" alt=\"s\" \/>\t\t<\/div>\n\t<div class=\"qodef-m-content\">\n\t\t\t<h5 class=\"qodef-m-title\" style=\"color: #302D2D\">\n\t\t\t\t\t<span class=\"qodef-m-title-text\">Risikofaktoren<\/span>\n\t\t\t<\/h5>\n\t\t\t<p class=\"qodef-m-text\" style=\"color: #302D2D\">Bei der Entstehung von Engstellen der Herzkranz- und Halsgef\u00e4sse sowie der Becken- und Beingef\u00e4\u00dfe spielen Risikofaktoren wie Rauchen, Cholesterin, Bluthochdruck, aber auch Lebensstil und genetische Faktoren eine Rolle. <\/p>\n\t<\/div>\n<\/div>\n\t\t\t\t<\/div>\n\t\t\t\t<\/div>\n\t\t\t\t\t<\/div>\n\t\t<\/div>\n\t\t\t\t<div class=\"elementor-column elementor-col-33 elementor-top-column elementor-element elementor-element-2fd3e61c\" data-id=\"2fd3e61c\" data-element_type=\"column\" data-e-type=\"column\">\n\t\t\t<div class=\"elementor-widget-wrap elementor-element-populated\">\n\t\t\t\t\t\t<div class=\"elementor-element elementor-element-5741fdae elementor-widget__width-initial elementor-widget-tablet__width-inherit elementor-widget elementor-widget-promedica_core_icon_with_text\" data-id=\"5741fdae\" data-element_type=\"widget\" data-e-type=\"widget\" data-widget_type=\"promedica_core_icon_with_text.default\">\n\t\t\t\t<div class=\"elementor-widget-container\">\n\t\t\t\t\t<div class=\"qodef-shortcode qodef-m  qodef-icon-with-text qodef-layout--top qodef--custom-icon qodef-alignment--left\">\n\t<div class=\"qodef-m-icon-wrapper\">\n\t\t\t\t\t<img decoding=\"async\" width=\"38\" height=\"41\" src=\"https:\/\/gefaesspraxis-muenchen-sued.de\/wp-content\/uploads\/2020\/12\/p1-icon-2.png\" class=\"attachment-full size-full\" alt=\"x\" \/>\t\t<\/div>\n\t<div class=\"qodef-m-content\">\n\t\t\t<h5 class=\"qodef-m-title\" style=\"color: #302D2D\">\n\t\t\t\t\t<span class=\"qodef-m-title-text\">Pr\u00e4vention<\/span>\n\t\t\t<\/h5>\n\t\t\t<p class=\"qodef-m-text\" style=\"color: #302D2D\">Die leitliniengerechte medikament\u00f6se Risikomodulation hilft Erkrankten, w\u00e4hrend Ver\u00e4nderungen der Ern\u00e4hrung und des Lebensstil bereits pr\u00e4ventiv wirken.<\/p>\n\t<\/div>\n<\/div>\n\t\t\t\t<\/div>\n\t\t\t\t<\/div>\n\t\t\t\t\t<\/div>\n\t\t<\/div>\n\t\t\t\t\t<\/div>\n\t\t<\/section>\n\t\t\t\t<section class=\"elementor-section elementor-top-section elementor-element elementor-element-139c2f7 elementor-section-full_width qodef-elementor-content-grid elementor-section-height-default elementor-section-height-default\" data-id=\"139c2f7\" data-element_type=\"section\" data-e-type=\"section\">\n\t\t\t\t\t\t<div class=\"elementor-container elementor-column-gap-default\">\n\t\t\t\t\t<div class=\"elementor-column elementor-col-50 elementor-top-column elementor-element elementor-element-a872562\" data-id=\"a872562\" data-element_type=\"column\" data-e-type=\"column\">\n\t\t\t<div class=\"elementor-widget-wrap elementor-element-populated\">\n\t\t\t\t\t\t<div class=\"elementor-element elementor-element-f55b3bc elementor-widget__width-initial elementor-widget-tablet__width-inherit elementor-widget elementor-widget-promedica_core_section_title\" data-id=\"f55b3bc\" data-element_type=\"widget\" data-e-type=\"widget\" data-widget_type=\"promedica_core_section_title.default\">\n\t\t\t\t<div class=\"elementor-widget-container\">\n\t\t\t\t\t<div class=\"qodef-shortcode qodef-m  qodef-section-title qodef-alignment--left\">\n\t\t<h3 class=\"qodef-m-title\" >\n\t\t\t\t\tPr\u00e4vention ist wichtig\t\t\t<\/h3>\n\t\t<p class=\"qodef-m-subtitle\" style=\"color: #302D2D;font-size: 20px\">\n\tGanzheitliche Methoden, Vitamine und Omega-3-Fetts\u00e4uren finden erg\u00e4nzend bei Erkrankten und vor allem in der Pr\u00e4vention Anwendung. \t<\/p>\n\t\t<p class=\"qodef-m-text\" style=\"margin-top: 16px;color: #302D2D\">Kardiovaskul\u00e4re Erkrankungen sind die h\u00e4ufigste Todesursache in Deutschland \u2013 das Risiko l\u00e4sst sich durch Pr\u00e4vention deutlich senken. <\/p>\n<\/div>\n\t\t\t\t<\/div>\n\t\t\t\t<\/div>\n\t\t\t\t\t<\/div>\n\t\t<\/div>\n\t\t\t\t<div class=\"elementor-column elementor-col-50 elementor-top-column elementor-element elementor-element-519e01d\" data-id=\"519e01d\" data-element_type=\"column\" data-e-type=\"column\">\n\t\t\t<div class=\"elementor-widget-wrap elementor-element-populated\">\n\t\t\t\t\t\t<div class=\"elementor-element elementor-element-ab3b1aa elementor-widget elementor-widget-promedica_core_single_image\" data-id=\"ab3b1aa\" data-element_type=\"widget\" data-e-type=\"widget\" data-widget_type=\"promedica_core_single_image.default\">\n\t\t\t\t<div class=\"elementor-widget-container\">\n\t\t\t\t\t<div class=\"qodef-shortcode qodef-m  qodef-single-image qodef-layout--default\">\n\t<div class=\"qodef-m-image\">\n\t\t\t<img loading=\"lazy\" decoding=\"async\" width=\"1400\" height=\"994\" src=\"https:\/\/gefaesspraxis-muenchen-sued.de\/wp-content\/uploads\/2024\/04\/legumes-fruit-salmon-pieces-wooden-plate.jpg\" class=\"attachment-full size-full\" alt=\"GEF\u00c4SSPRAXIS M\u00fcnchen-S\u00fcd, Bluthochdruck Gr\u00fcnwald, Infusionen Gr\u00fcnwald, Internist Gr\u00fcnwald, Internist Isartal\" srcset=\"https:\/\/gefaesspraxis-muenchen-sued.de\/wp-content\/uploads\/2024\/04\/legumes-fruit-salmon-pieces-wooden-plate.jpg 1400w, https:\/\/gefaesspraxis-muenchen-sued.de\/wp-content\/uploads\/2024\/04\/legumes-fruit-salmon-pieces-wooden-plate-300x213.jpg 300w, https:\/\/gefaesspraxis-muenchen-sued.de\/wp-content\/uploads\/2024\/04\/legumes-fruit-salmon-pieces-wooden-plate-1024x727.jpg 1024w, https:\/\/gefaesspraxis-muenchen-sued.de\/wp-content\/uploads\/2024\/04\/legumes-fruit-salmon-pieces-wooden-plate-768x545.jpg 768w, https:\/\/gefaesspraxis-muenchen-sued.de\/wp-content\/uploads\/2024\/04\/legumes-fruit-salmon-pieces-wooden-plate-18x12.jpg 18w\" sizes=\"(max-width: 1400px) 100vw, 1400px\" \/>\t<\/div>\n<\/div>\n\t\t\t\t<\/div>\n\t\t\t\t<\/div>\n\t\t\t\t\t<\/div>\n\t\t<\/div>\n\t\t\t\t\t<\/div>\n\t\t<\/section>\n\t\t\t\t<section class=\"elementor-section elementor-top-section elementor-element elementor-element-1a9b6033 elementor-section-boxed elementor-section-height-default elementor-section-height-default qodef-elementor-content-no\" data-id=\"1a9b6033\" data-element_type=\"section\" data-e-type=\"section\">\n\t\t\t\t\t\t<div class=\"elementor-container elementor-column-gap-default\">\n\t\t\t\t\t<div class=\"elementor-column elementor-col-100 elementor-top-column elementor-element elementor-element-f2c67ef\" data-id=\"f2c67ef\" data-element_type=\"column\" data-e-type=\"column\">\n\t\t\t<div class=\"elementor-widget-wrap elementor-element-populated\">\n\t\t\t\t\t\t<div class=\"elementor-element elementor-element-2d73143f elementor-widget elementor-widget-text-editor\" data-id=\"2d73143f\" data-element_type=\"widget\" data-e-type=\"widget\" data-widget_type=\"text-editor.default\">\n\t\t\t\t<div class=\"elementor-widget-container\">\n\t\t\t\t\t\t\t\t\t<div>Bei famili\u00e4r erh\u00f6htem Thromboserisiko erfolgt eine risikoadaptierte medikament\u00f6se und nicht-medikaent\u00f6se Thromboseprophylaxe, insbesondere ist hier eine Pr\u00e4vention in der Schwangerschaft und im Wochenbett zu erw\u00e4hnen. Erg\u00e4nzend kann ein Thrombophiliescreening (Analyse erworbener und genetischer Thrombose-Risikofaktoren) sinnvoll sein.<\/div><div><br \/>Auch bei einem Krampfaderleiden gibt es neben der Behandlung mit Kompressionsstr\u00fcmpfen und einer Behandlung der Krampfadern selbst protektive Ma\u00dfnahmen wie Ver\u00e4nderung des Lebensstils, Allgemeinma\u00dfnahmen, Venengymnastik und vieles mehr. Dar\u00fcber berate ich Sie gerne in meiner Sprechstunde.\u00a0Wir bieten Ihnen einen umfassenden internistischen und auch einen speziellen Gef\u00e4\u00df-Checkup an. Dies empfiehlt sich insbesondere bei oben genannten Risikofaktoren oder entsprechender Veranlagung. \u00a0<\/div>\t\t\t\t\t\t\t\t<\/div>\n\t\t\t\t<\/div>\n\t\t\t\t\t<\/div>\n\t\t<\/div>\n\t\t\t\t\t<\/div>\n\t\t<\/section>\n\t\t\t\t<section class=\"elementor-section elementor-top-section elementor-element elementor-element-4b290cd elementor-section-full_width elementor-section-content-middle elementor-section-height-default elementor-section-height-default qodef-elementor-content-no\" data-id=\"4b290cd\" data-element_type=\"section\" data-e-type=\"section\" data-settings=\"{&quot;background_background&quot;:&quot;classic&quot;}\">\n\t\t\t\t\t\t<div class=\"elementor-container elementor-column-gap-default\">\n\t\t\t\t\t<div class=\"elementor-column elementor-col-50 elementor-top-column elementor-element elementor-element-0f14f5c\" data-id=\"0f14f5c\" data-element_type=\"column\" data-e-type=\"column\" data-settings=\"{&quot;background_background&quot;:&quot;classic&quot;}\">\n\t\t\t<div class=\"elementor-widget-wrap elementor-element-populated\">\n\t\t\t\t\t\t<div class=\"elementor-element elementor-element-c7b2130 elementor-widget elementor-widget-promedica_core_single_image\" data-id=\"c7b2130\" data-element_type=\"widget\" data-e-type=\"widget\" data-widget_type=\"promedica_core_single_image.default\">\n\t\t\t\t<div class=\"elementor-widget-container\">\n\t\t\t\t\t<div class=\"qodef-shortcode qodef-m  qodef-single-image qodef-layout--default\">\n\t<div class=\"qodef-m-image\">\n\t\t\t<img loading=\"lazy\" decoding=\"async\" width=\"1650\" height=\"862\" src=\"https:\/\/gefaesspraxis-muenchen-sued.de\/wp-content\/uploads\/2024\/03\/Hausbesuch_AdobeStock_315077604.jpg\" class=\"attachment-full size-full\" alt=\"PAVK Gr\u00fcnwald, PAVK Isartal, Besenrei\u00dfer Gr\u00fcnwald, Besenrei\u00dfer M\u00fcnchen-S\u00fcd, Bluthochdruck Gr\u00fcnwald, Infusionen Gr\u00fcnwald, Internist Gr\u00fcnwald, Internist Isartal Besenrei\u00dfer Isartal\" srcset=\"https:\/\/gefaesspraxis-muenchen-sued.de\/wp-content\/uploads\/2024\/03\/Hausbesuch_AdobeStock_315077604.jpg 1650w, https:\/\/gefaesspraxis-muenchen-sued.de\/wp-content\/uploads\/2024\/03\/Hausbesuch_AdobeStock_315077604-300x157.jpg 300w, https:\/\/gefaesspraxis-muenchen-sued.de\/wp-content\/uploads\/2024\/03\/Hausbesuch_AdobeStock_315077604-1024x535.jpg 1024w, https:\/\/gefaesspraxis-muenchen-sued.de\/wp-content\/uploads\/2024\/03\/Hausbesuch_AdobeStock_315077604-768x401.jpg 768w, https:\/\/gefaesspraxis-muenchen-sued.de\/wp-content\/uploads\/2024\/03\/Hausbesuch_AdobeStock_315077604-1536x802.jpg 1536w\" sizes=\"(max-width: 1650px) 100vw, 1650px\" \/>\t<\/div>\n<\/div>\n\t\t\t\t<\/div>\n\t\t\t\t<\/div>\n\t\t\t\t\t<\/div>\n\t\t<\/div>\n\t\t\t\t<div class=\"elementor-column elementor-col-50 elementor-top-column elementor-element elementor-element-abadd4c\" data-id=\"abadd4c\" data-element_type=\"column\" data-e-type=\"column\">\n\t\t\t<div class=\"elementor-widget-wrap elementor-element-populated\">\n\t\t\t\t\t\t<div class=\"elementor-element elementor-element-63bf6c1 elementor-widget__width-initial elementor-widget-tablet__width-initial elementor-widget elementor-widget-promedica_core_section_title\" data-id=\"63bf6c1\" data-element_type=\"widget\" data-e-type=\"widget\" data-widget_type=\"promedica_core_section_title.default\">\n\t\t\t\t<div class=\"elementor-widget-container\">\n\t\t\t\t\t<div class=\"qodef-shortcode qodef-m  qodef-section-title qodef-alignment--left  qodef-skin--light\">\n\t\t<h4 class=\"qodef-m-title\" >\n\t\t\t\t\tHausbesuche m\u00f6glich\t\t\t<\/h4>\n\t\t<p class=\"qodef-m-subtitle\" style=\"font-size: 20px\">\n\tAls mobile \u00c4rztin komme ich zu Ihnen nach Hause, wenn es Ihnen nicht m\u00f6glich ist, meine Praxis aufzusuchen.\t<\/p>\n\t\t<p class=\"qodef-m-text\" >Bitte kontaktieren Sie uns f\u00fcr Hausbesuche \u00fcber Telefon 089 74068386 und hinterlassen Sie ggf. eine Nachricht, so da\u00df wir Sie zur\u00fcckrufen k\u00f6nnen. In dringenden F\u00e4llen wenden Sie sich bitte an den \u00c4rztlichen Bereitschaftsdienst unter Telefon 116117 oder in lebensbedrohlichen Notf\u00e4llen an Telefon 112.<\/p>\n<\/div>\n\t\t\t\t<\/div>\n\t\t\t\t<\/div>\n\t\t\t\t\t<\/div>\n\t\t<\/div>\n\t\t\t\t\t<\/div>\n\t\t<\/section>\n\t\t<div class=\"elementor-element elementor-element-8ebcfd1 e-flex e-con-boxed e-con e-parent\" data-id=\"8ebcfd1\" data-element_type=\"container\" data-e-type=\"container\">\n\t\t\t\t\t<div class=\"e-con-inner\">\n\t\t\t\t<div class=\"elementor-element elementor-element-cad82d1 elementor-widget elementor-widget-spacer\" data-id=\"cad82d1\" data-element_type=\"widget\" data-e-type=\"widget\" data-widget_type=\"spacer.default\">\n\t\t\t\t<div class=\"elementor-widget-container\">\n\t\t\t\t\t\t\t<div class=\"elementor-spacer\">\n\t\t\t<div class=\"elementor-spacer-inner\"><\/div>\n\t\t<\/div>\n\t\t\t\t\t\t<\/div>\n\t\t\t\t<\/div>\n\t\t\t\t\t<\/div>\n\t\t\t\t<\/div>\n\t\t\t\t<section class=\"elementor-section elementor-top-section elementor-element elementor-element-bb61e57 elementor-section-full_width qodef-elementor-content-grid elementor-section-height-default elementor-section-height-default\" data-id=\"bb61e57\" data-element_type=\"section\" data-e-type=\"section\">\n\t\t\t\t\t\t<div class=\"elementor-container elementor-column-gap-default\">\n\t\t\t\t\t<div class=\"elementor-column elementor-col-50 elementor-top-column elementor-element elementor-element-4ed07ea6\" data-id=\"4ed07ea6\" data-element_type=\"column\" data-e-type=\"column\">\n\t\t\t<div class=\"elementor-widget-wrap elementor-element-populated\">\n\t\t\t\t\t\t<div class=\"elementor-element elementor-element-45d4341 elementor-widget__width-initial elementor-widget elementor-widget-promedica_core_section_title\" data-id=\"45d4341\" data-element_type=\"widget\" data-e-type=\"widget\" data-widget_type=\"promedica_core_section_title.default\">\n\t\t\t\t<div class=\"elementor-widget-container\">\n\t\t\t\t\t<div class=\"qodef-shortcode qodef-m  qodef-section-title qodef-alignment--left\">\n\t\t<h3 class=\"qodef-m-title\" style=\"color: #302D2D\">\n\t\t\t\t\tMobile Leistungen\t\t\t<\/h3>\n\t\t<p class=\"qodef-m-subtitle\" style=\"color: #302D2D;font-size: 20px\">\n\tAls Ihre mobile \u00c4rztin in M\u00fcnchen-S\u00fcd und im Isartal biete ich insbesondere folgende Leistung an:\t<\/p>\n\t<\/div>\n\t\t\t\t<\/div>\n\t\t\t\t<\/div>\n\t\t\t\t<div class=\"elementor-element elementor-element-6759972 elementor-widget elementor-widget-text-editor\" data-id=\"6759972\" data-element_type=\"widget\" data-e-type=\"widget\" data-widget_type=\"text-editor.default\">\n\t\t\t\t<div class=\"elementor-widget-container\">\n\t\t\t\t\t\t\t\t\t<ul><li><span class=\"s1\">Haus\u00e4rztlich-internistische Grunduntersuchung <\/span><\/li><li><span class=\"s1\">Mobiles EKG und mobiles Ultraschallger\u00e4t<\/span><\/li><li><span class=\"s1\">Laboruntersuchungen, Rezepte<\/span><\/li><li><span class=\"s1\">Versorgung nach OP\/ Krankenhausaufenthalt<\/span><\/li><li><span class=\"s1\">Infusionstherapie<\/span><\/li><li><span class=\"s1\">Krankschreibung<\/span><\/li><li><span class=\"s1\">Wundversorgung<\/span><\/li><li><span class=\"s1\">Schmerztherapie<\/span><\/li><li><span class=\"s1\">Betreuung am Lebensende<\/span><\/li><\/ul>\t\t\t\t\t\t\t\t<\/div>\n\t\t\t\t<\/div>\n\t\t\t\t<div class=\"elementor-element elementor-element-77193960 elementor-widget elementor-widget-spacer\" data-id=\"77193960\" data-element_type=\"widget\" data-e-type=\"widget\" data-widget_type=\"spacer.default\">\n\t\t\t\t<div class=\"elementor-widget-container\">\n\t\t\t\t\t\t\t<div class=\"elementor-spacer\">\n\t\t\t<div class=\"elementor-spacer-inner\"><\/div>\n\t\t<\/div>\n\t\t\t\t\t\t<\/div>\n\t\t\t\t<\/div>\n\t\t\t\t<div class=\"elementor-element elementor-element-55684e2f elementor-widget__width-initial elementor-widget-tablet__width-inherit elementor-widget elementor-widget-promedica_core_button\" data-id=\"55684e2f\" data-element_type=\"widget\" data-e-type=\"widget\" data-widget_type=\"promedica_core_button.default\">\n\t\t\t\t<div class=\"elementor-widget-container\">\n\t\t\t\t\t<a class=\"qodef-shortcode qodef-m  qodef-button qodef-layout--outlined  qodef-html--link\" href=\"https:\/\/gefaesspraxis-muenchen-sued.de\/en\/leistungsspektrum\/\" target=\"_self\"  >\n\t<span class=\"qodef-m-text\">Unsere Fachgebiete<\/span>\n<\/a>\n\t\t\t\t<\/div>\n\t\t\t\t<\/div>\n\t\t\t\t\t<\/div>\n\t\t<\/div>\n\t\t\t\t<div class=\"elementor-column elementor-col-50 elementor-top-column elementor-element elementor-element-8b45105\" data-id=\"8b45105\" data-element_type=\"column\" data-e-type=\"column\">\n\t\t\t<div class=\"elementor-widget-wrap elementor-element-populated\">\n\t\t\t\t\t\t<div class=\"elementor-element elementor-element-378b40ed elementor-widget elementor-widget-promedica_core_single_image\" data-id=\"378b40ed\" data-element_type=\"widget\" data-e-type=\"widget\" data-widget_type=\"promedica_core_single_image.default\">\n\t\t\t\t<div class=\"elementor-widget-container\">\n\t\t\t\t\t<div class=\"qodef-shortcode qodef-m  qodef-single-image qodef-layout--default\">\n\t<div class=\"qodef-m-image\">\n\t\t\t<img loading=\"lazy\" decoding=\"async\" width=\"1400\" height=\"994\" src=\"https:\/\/gefaesspraxis-muenchen-sued.de\/wp-content\/uploads\/2024\/04\/closeup-stethoscope.jpg\" class=\"attachment-full size-full\" alt=\"GEF\u00c4SSPRAXIS M\u00fcnchen-S\u00fcd, Venen Gr\u00fcnwald, Venen M\u00fcnchen, Gef\u00e4\u00dfe Gr\u00fcnwald, Thrombose Gr\u00fcnwald, Thrombose Isartal, VASCULAR PRACTICE Munich South, Veins Gr\u00fcnwald, Veins Munich, Vessels Gr\u00fcnwald, Thrombosis Gr\u00fcnwald, Thrombosis Isartal\" srcset=\"https:\/\/gefaesspraxis-muenchen-sued.de\/wp-content\/uploads\/2024\/04\/closeup-stethoscope.jpg 1400w, https:\/\/gefaesspraxis-muenchen-sued.de\/wp-content\/uploads\/2024\/04\/closeup-stethoscope-300x213.jpg 300w, https:\/\/gefaesspraxis-muenchen-sued.de\/wp-content\/uploads\/2024\/04\/closeup-stethoscope-1024x727.jpg 1024w, https:\/\/gefaesspraxis-muenchen-sued.de\/wp-content\/uploads\/2024\/04\/closeup-stethoscope-768x545.jpg 768w, https:\/\/gefaesspraxis-muenchen-sued.de\/wp-content\/uploads\/2024\/04\/closeup-stethoscope-18x12.jpg 18w\" sizes=\"(max-width: 1400px) 100vw, 1400px\" \/>\t<\/div>\n<\/div>\n\t\t\t\t<\/div>\n\t\t\t\t<\/div>\n\t\t\t\t\t<\/div>\n\t\t<\/div>\n\t\t\t\t\t<\/div>\n\t\t<\/section>\n\t\t<div class=\"elementor-element elementor-element-1a51c7a5 e-flex e-con-boxed e-con e-parent\" data-id=\"1a51c7a5\" data-element_type=\"container\" data-e-type=\"container\">\n\t\t\t\t\t<div class=\"e-con-inner\">\n\t\t\t\t<div class=\"elementor-element elementor-element-7bca7616 elementor-widget elementor-widget-qi_addons_for_elementor_call_to_action\" data-id=\"7bca7616\" data-element_type=\"widget\" data-e-type=\"widget\" data-widget_type=\"qi_addons_for_elementor_call_to_action.default\">\n\t\t\t\t<div class=\"elementor-widget-container\">\n\t\t\t\t\t<div class=\"qodef-shortcode qodef-m qodef-qi-call-to-action qodef-layout--standard\">\n\t<div class=\"qodef-m-inner\">\n\t\t<div class=\"qodef-m-content\">\n\t\t\t<h5 class=\"qodef-m-title\">\n\t\t\tJetzt Termin vereinbaren\t\t<\/h5>\n\t\t\t\t<div class=\"qodef-m-text\">\n\t\t\tNutzen Sie unsere Online-Buchung und w\u00e4hlen Sie Ihren pers\u00f6nlichen Wunschtermin:\t\t<\/div>\n\t<\/div>\n\t\t\t<div class=\"qodef-m-button\">\n\t\t<a class=\"qodef-shortcode qodef-m qodef-qi-button qodef-html--link qodef-layout--filled qodef-type--standard qodef-size--large qodef-icon--right qodef-hover--icon-move-horizontal-short\" href=\"https:\/\/webtermin.medatixx.de\/#\/dd290b6f-d989-4e83-9f85-6b3a66dc07dd\" target=\"_self\">\t<span class=\"qodef-m-text\">Hier buchen<\/span>\t<\/a>\t<\/div>\n\t\t\t<\/div>\n<\/div>\n\t\t\t\t<\/div>\n\t\t\t\t<\/div>\n\t\t\t\t\t<\/div>\n\t\t\t\t<\/div>\n\t\t\t\t<section class=\"elementor-section elementor-top-section elementor-element elementor-element-248504d5 qodef-elementor-content-grid elementor-section-content-bottom elementor-section-full_width elementor-section-height-default elementor-section-height-default\" data-id=\"248504d5\" data-element_type=\"section\" data-e-type=\"section\">\n\t\t\t\t\t\t<div class=\"elementor-container elementor-column-gap-default\">\n\t\t\t\t\t<div class=\"elementor-column elementor-col-100 elementor-top-column elementor-element elementor-element-5908c211\" data-id=\"5908c211\" data-element_type=\"column\" data-e-type=\"column\">\n\t\t\t<div class=\"elementor-widget-wrap elementor-element-populated\">\n\t\t\t\t\t\t<div class=\"elementor-element elementor-element-1c81e1fb elementor-widget elementor-widget-text-editor\" data-id=\"1c81e1fb\" data-element_type=\"widget\" data-e-type=\"widget\" data-widget_type=\"text-editor.default\">\n\t\t\t\t<div class=\"elementor-widget-container\">\n\t\t\t\t\t\t\t\t\t<h3>Ihre \u00c4rztin<\/h3>\t\t\t\t\t\t\t\t<\/div>\n\t\t\t\t<\/div>\n\t\t\t\t<div class=\"elementor-element elementor-element-7db4d442 elementor-widget elementor-widget-promedica_core_team_list\" data-id=\"7db4d442\" data-element_type=\"widget\" data-e-type=\"widget\" data-widget_type=\"promedica_core_team_list.default\">\n\t\t\t\t<div class=\"elementor-widget-container\">\n\t\t\t\t\t<div class=\"qodef-shortcode qodef-m  qodef-team-list qodef-item-layout--info-only qodef-grid qodef-layout--columns  qodef-gutter--medium qodef-col-num--3  qodef-item-layout--info-only qodef--no-bottom-space qodef-pagination--off qodef-responsive--predefined\" data-options=\"{&quot;plugin&quot;:&quot;promedica_core&quot;,&quot;module&quot;:&quot;post-types\\\/team\\\/shortcodes&quot;,&quot;shortcode&quot;:&quot;team-list&quot;,&quot;post_type&quot;:&quot;team&quot;,&quot;next_page&quot;:&quot;2&quot;,&quot;max_pages_num&quot;:38,&quot;behavior&quot;:&quot;columns&quot;,&quot;images_proportion&quot;:&quot;full&quot;,&quot;columns&quot;:&quot;3&quot;,&quot;columns_responsive&quot;:&quot;predefined&quot;,&quot;space&quot;:&quot;medium&quot;,&quot;posts_per_page&quot;:&quot;1&quot;,&quot;orderby&quot;:&quot;date&quot;,&quot;order&quot;:&quot;DESC&quot;,&quot;layout&quot;:&quot;info-only&quot;,&quot;title_tag&quot;:&quot;h6&quot;,&quot;pagination_type&quot;:&quot;no-pagination&quot;,&quot;object_class_name&quot;:&quot;ProMedicaCore_Team_List_Shortcode&quot;,&quot;taxonomy_filter&quot;:&quot;team-category&quot;,&quot;additional_query_args&quot;:[],&quot;item_classes&quot;:&quot;qodef-e qodef-grid-item&quot;,&quot;has_single&quot;:true,&quot;space_value&quot;:20}\">\n\t\t<div class=\"qodef-grid-inner clear\">\n\t\t<div class=\"qodef-e qodef-grid-item post-15354 team type-team status-publish has-post-thumbnail hentry team-category-innere-medizin\">\n\t<div class=\"qodef-e-inner\">\n\t\t<div class=\"qodef-e-content\" >\n\t\t\t<div class=\"qodef-e-title-button-holder\">\n\t\t\t\t<h6 itemprop=\"name\" class=\"qodef-e-title entry-title\" >\n\t\t\t<a itemprop=\"url\" class=\"qodef-e-title-link\" href=\"https:\/\/gefaesspraxis-muenchen-sued.de\/en\/team\/dr-med-vanessa-raab\/\">\n\t\t\tDr. Vanessa Raab, MD\t\t\t<\/a>\n\t<\/h6>\n\t\t\t\t\t<div class=\"qodef-e-read-more\">\n\t\t<a class=\"qodef-shortcode qodef-m  qodef-button qodef-layout--textual  qodef-html--link\" href=\"https:\/\/gefaesspraxis-muenchen-sued.de\/en\/team\/dr-med-vanessa-raab\/\" target=\"_self\"  >\t<span class=\"qodef-m-text\"><\/span><\/a>\t<\/div>\n\t\t\t<\/div>\n\t\t\t\t\t\t<p class=\"qodef-e-category\">\n\t\t\t<a href=\"https:\/\/gefaesspraxis-muenchen-sued.de\/en\/team-category\/innere-medizin\/\">\n\t\t\t\tInnere Medizin\t\t\t<\/a>\n\t\t<\/p>\n\t\t\t<\/div>\n\t<\/div>\n<\/div>\n\t<\/div>\n\t<\/div>\n\t\t\t\t<\/div>\n\t\t\t\t<\/div>\n\t\t\t\t\t<\/div>\n\t\t<\/div>\n\t\t\t\t\t<\/div>\n\t\t<\/section>\n\t\t\t\t<\/div>","protected":false},"excerpt":{"rendered":"<p>Checkup Pr\u00e4vention spielt insbesondere bei der Gef\u00e4\u00dfverkalkung (Arteriosklerose) eine gro\u00dfe Bedeutung. Risikofaktoren Bei der Entstehung von Engstellen der Herzkranz- und Halsgef\u00e4sse sowie der Becken- und Beingef\u00e4\u00dfe spielen Risikofaktoren wie Rauchen, Cholesterin, Bluthochdruck, aber auch Lebensstil und genetische Faktoren eine Rolle. Pr\u00e4vention Die leitliniengerechte medikament\u00f6se Risikomodulation hilft Erkrankten, w\u00e4hrend Ver\u00e4nderungen der Ern\u00e4hrung und des Lebensstil bereits [&hellip;]<\/p>\n","protected":false},"author":2,"featured_media":17167,"parent":0,"menu_order":0,"comment_status":"closed","ping_status":"closed","template":"","meta":{"footnotes":""},"class_list":["post-15361","page","type-page","status-publish","has-post-thumbnail","hentry"],"yoast_head":"<!-- This site is optimized with the Yoast SEO plugin v27.4 - https:\/\/yoast.com\/product\/yoast-seo-wordpress\/ -->\n<title>Privat\u00ad\u00ad\u00adpraxis - Gef\u00e4\u00dfpraxis M\u00fcnchen-S\u00fcd<\/title>\n<meta name=\"description\" content=\"Hausbesuche sind m\u00f6glich. Als mobile \u00c4rztin kommt Dr. Raab zu Ihnen nach Hause, wenn es Ihnen nicht m\u00f6glich ist, ihre Praxis im Isartal aufzusuchen.\" \/>\n<meta name=\"robots\" content=\"index, follow, max-snippet:-1, max-image-preview:large, max-video-preview:-1\" \/>\n<link rel=\"canonical\" href=\"https:\/\/gefaesspraxis-muenchen-sued.de\/en\/privatpraxis\/\" \/>\n<meta property=\"og:locale\" content=\"en_GB\" \/>\n<meta property=\"og:type\" content=\"article\" \/>\n<meta property=\"og:title\" content=\"Privat\u00ad\u00ad\u00adpraxis - Gef\u00e4\u00dfpraxis M\u00fcnchen-S\u00fcd\" \/>\n<meta property=\"og:description\" content=\"Hausbesuche sind m\u00f6glich. Als mobile \u00c4rztin kommt Dr. Raab zu Ihnen nach Hause, wenn es Ihnen nicht m\u00f6glich ist, ihre Praxis im Isartal aufzusuchen.\" \/>\n<meta property=\"og:url\" content=\"https:\/\/gefaesspraxis-muenchen-sued.de\/en\/privatpraxis\/\" \/>\n<meta property=\"og:site_name\" content=\"Gef\u00e4\u00dfpraxis M\u00fcnchen-S\u00fcd\" \/>\n<meta property=\"article:modified_time\" content=\"2026-02-14T06:32:07+00:00\" \/>\n<meta property=\"og:image\" content=\"https:\/\/gefaesspraxis-muenchen-sued.de\/wp-content\/uploads\/2026\/02\/DSC00945_1600.jpg\" \/>\n\t<meta property=\"og:image:width\" content=\"1600\" \/>\n\t<meta property=\"og:image:height\" content=\"1143\" \/>\n\t<meta property=\"og:image:type\" content=\"image\/jpeg\" \/>\n<meta name=\"twitter:card\" content=\"summary_large_image\" \/>\n<meta name=\"twitter:label1\" content=\"Estimated reading time\" \/>\n\t<meta name=\"twitter:data1\" content=\"3 minutes\" \/>\n<script type=\"application\/ld+json\" class=\"yoast-schema-graph\">{\"@context\":\"https:\\\/\\\/schema.org\",\"@graph\":[{\"@type\":\"WebPage\",\"@id\":\"https:\\\/\\\/gefaesspraxis-muenchen-sued.de\\\/privatpraxis\\\/\",\"url\":\"https:\\\/\\\/gefaesspraxis-muenchen-sued.de\\\/privatpraxis\\\/\",\"name\":\"Privat\u00ad\u00ad\u00adpraxis - Gef\u00e4\u00dfpraxis M\u00fcnchen-S\u00fcd\",\"isPartOf\":{\"@id\":\"https:\\\/\\\/gefaesspraxis-muenchen-sued.de\\\/#website\"},\"primaryImageOfPage\":{\"@id\":\"https:\\\/\\\/gefaesspraxis-muenchen-sued.de\\\/privatpraxis\\\/#primaryimage\"},\"image\":{\"@id\":\"https:\\\/\\\/gefaesspraxis-muenchen-sued.de\\\/privatpraxis\\\/#primaryimage\"},\"thumbnailUrl\":\"https:\\\/\\\/gefaesspraxis-muenchen-sued.de\\\/wp-content\\\/uploads\\\/2026\\\/02\\\/DSC00945_1600.jpg\",\"datePublished\":\"2024-03-19T18:28:33+00:00\",\"dateModified\":\"2026-02-14T06:32:07+00:00\",\"description\":\"Hausbesuche sind m\u00f6glich. Als mobile \u00c4rztin kommt Dr. Raab zu Ihnen nach Hause, wenn es Ihnen nicht m\u00f6glich ist, ihre Praxis im Isartal aufzusuchen.\",\"breadcrumb\":{\"@id\":\"https:\\\/\\\/gefaesspraxis-muenchen-sued.de\\\/privatpraxis\\\/#breadcrumb\"},\"inLanguage\":\"en-GB\",\"potentialAction\":[{\"@type\":\"ReadAction\",\"target\":[\"https:\\\/\\\/gefaesspraxis-muenchen-sued.de\\\/privatpraxis\\\/\"]}]},{\"@type\":\"ImageObject\",\"inLanguage\":\"en-GB\",\"@id\":\"https:\\\/\\\/gefaesspraxis-muenchen-sued.de\\\/privatpraxis\\\/#primaryimage\",\"url\":\"https:\\\/\\\/gefaesspraxis-muenchen-sued.de\\\/wp-content\\\/uploads\\\/2026\\\/02\\\/DSC00945_1600.jpg\",\"contentUrl\":\"https:\\\/\\\/gefaesspraxis-muenchen-sued.de\\\/wp-content\\\/uploads\\\/2026\\\/02\\\/DSC00945_1600.jpg\",\"width\":1600,\"height\":1143,\"caption\":\"Dr. Vanessa Raab, Gr\u00fcnwald\"},{\"@type\":\"BreadcrumbList\",\"@id\":\"https:\\\/\\\/gefaesspraxis-muenchen-sued.de\\\/privatpraxis\\\/#breadcrumb\",\"itemListElement\":[{\"@type\":\"ListItem\",\"position\":1,\"name\":\"Startseite\",\"item\":\"https:\\\/\\\/gefaesspraxis-muenchen-sued.de\\\/\"},{\"@type\":\"ListItem\",\"position\":2,\"name\":\"Privat\u00ad\u00ad\u00adpraxis\"}]},{\"@type\":\"WebSite\",\"@id\":\"https:\\\/\\\/gefaesspraxis-muenchen-sued.de\\\/#website\",\"url\":\"https:\\\/\\\/gefaesspraxis-muenchen-sued.de\\\/\",\"name\":\"Gef\u00e4\u00dfpraxis M\u00fcnchen-S\u00fcd\",\"description\":\"Privatpraxis f\u00fcr Gef\u00e4\u00dfmedizin und Innere Medizin in M\u00fcnchen-S\u00fcd\",\"potentialAction\":[{\"@type\":\"SearchAction\",\"target\":{\"@type\":\"EntryPoint\",\"urlTemplate\":\"https:\\\/\\\/gefaesspraxis-muenchen-sued.de\\\/?s={search_term_string}\"},\"query-input\":{\"@type\":\"PropertyValueSpecification\",\"valueRequired\":true,\"valueName\":\"search_term_string\"}}],\"inLanguage\":\"en-GB\"}]}<\/script>\n<!-- \/ Yoast SEO plugin. -->","yoast_head_json":{"title":"Privat\u00ad\u00ad\u00adpraxis - Gef\u00e4\u00dfpraxis M\u00fcnchen-S\u00fcd","description":"Hausbesuche sind m\u00f6glich. Als mobile \u00c4rztin kommt Dr. Raab zu Ihnen nach Hause, wenn es Ihnen nicht m\u00f6glich ist, ihre Praxis im Isartal aufzusuchen.","robots":{"index":"index","follow":"follow","max-snippet":"max-snippet:-1","max-image-preview":"max-image-preview:large","max-video-preview":"max-video-preview:-1"},"canonical":"https:\/\/gefaesspraxis-muenchen-sued.de\/en\/privatpraxis\/","og_locale":"en_GB","og_type":"article","og_title":"Privat\u00ad\u00ad\u00adpraxis - Gef\u00e4\u00dfpraxis M\u00fcnchen-S\u00fcd","og_description":"Hausbesuche sind m\u00f6glich. Als mobile \u00c4rztin kommt Dr. Raab zu Ihnen nach Hause, wenn es Ihnen nicht m\u00f6glich ist, ihre Praxis im Isartal aufzusuchen.","og_url":"https:\/\/gefaesspraxis-muenchen-sued.de\/en\/privatpraxis\/","og_site_name":"Gef\u00e4\u00dfpraxis M\u00fcnchen-S\u00fcd","article_modified_time":"2026-02-14T06:32:07+00:00","og_image":[{"width":1600,"height":1143,"url":"https:\/\/gefaesspraxis-muenchen-sued.de\/wp-content\/uploads\/2026\/02\/DSC00945_1600.jpg","type":"image\/jpeg"}],"twitter_card":"summary_large_image","twitter_misc":{"Estimated reading time":"3 minutes"},"schema":{"@context":"https:\/\/schema.org","@graph":[{"@type":"WebPage","@id":"https:\/\/gefaesspraxis-muenchen-sued.de\/privatpraxis\/","url":"https:\/\/gefaesspraxis-muenchen-sued.de\/privatpraxis\/","name":"Privat\u00ad\u00ad\u00adpraxis - Gef\u00e4\u00dfpraxis M\u00fcnchen-S\u00fcd","isPartOf":{"@id":"https:\/\/gefaesspraxis-muenchen-sued.de\/#website"},"primaryImageOfPage":{"@id":"https:\/\/gefaesspraxis-muenchen-sued.de\/privatpraxis\/#primaryimage"},"image":{"@id":"https:\/\/gefaesspraxis-muenchen-sued.de\/privatpraxis\/#primaryimage"},"thumbnailUrl":"https:\/\/gefaesspraxis-muenchen-sued.de\/wp-content\/uploads\/2026\/02\/DSC00945_1600.jpg","datePublished":"2024-03-19T18:28:33+00:00","dateModified":"2026-02-14T06:32:07+00:00","description":"Hausbesuche sind m\u00f6glich. Als mobile \u00c4rztin kommt Dr. Raab zu Ihnen nach Hause, wenn es Ihnen nicht m\u00f6glich ist, ihre Praxis im Isartal aufzusuchen.","breadcrumb":{"@id":"https:\/\/gefaesspraxis-muenchen-sued.de\/privatpraxis\/#breadcrumb"},"inLanguage":"en-GB","potentialAction":[{"@type":"ReadAction","target":["https:\/\/gefaesspraxis-muenchen-sued.de\/privatpraxis\/"]}]},{"@type":"ImageObject","inLanguage":"en-GB","@id":"https:\/\/gefaesspraxis-muenchen-sued.de\/privatpraxis\/#primaryimage","url":"https:\/\/gefaesspraxis-muenchen-sued.de\/wp-content\/uploads\/2026\/02\/DSC00945_1600.jpg","contentUrl":"https:\/\/gefaesspraxis-muenchen-sued.de\/wp-content\/uploads\/2026\/02\/DSC00945_1600.jpg","width":1600,"height":1143,"caption":"Dr. Vanessa Raab, Gr\u00fcnwald"},{"@type":"BreadcrumbList","@id":"https:\/\/gefaesspraxis-muenchen-sued.de\/privatpraxis\/#breadcrumb","itemListElement":[{"@type":"ListItem","position":1,"name":"Startseite","item":"https:\/\/gefaesspraxis-muenchen-sued.de\/"},{"@type":"ListItem","position":2,"name":"Privat\u00ad\u00ad\u00adpraxis"}]},{"@type":"WebSite","@id":"https:\/\/gefaesspraxis-muenchen-sued.de\/#website","url":"https:\/\/gefaesspraxis-muenchen-sued.de\/","name":"Gef\u00e4\u00dfpraxis M\u00fcnchen-S\u00fcd","description":"Privatpraxis f\u00fcr Gef\u00e4\u00dfmedizin und Innere Medizin in M\u00fcnchen-S\u00fcd","potentialAction":[{"@type":"SearchAction","target":{"@type":"EntryPoint","urlTemplate":"https:\/\/gefaesspraxis-muenchen-sued.de\/?s={search_term_string}"},"query-input":{"@type":"PropertyValueSpecification","valueRequired":true,"valueName":"search_term_string"}}],"inLanguage":"en-GB"}]}},"_links":{"self":[{"href":"https:\/\/gefaesspraxis-muenchen-sued.de\/en\/wp-json\/wp\/v2\/pages\/15361","targetHints":{"allow":["GET"]}}],"collection":[{"href":"https:\/\/gefaesspraxis-muenchen-sued.de\/en\/wp-json\/wp\/v2\/pages"}],"about":[{"href":"https:\/\/gefaesspraxis-muenchen-sued.de\/en\/wp-json\/wp\/v2\/types\/page"}],"author":[{"embeddable":true,"href":"https:\/\/gefaesspraxis-muenchen-sued.de\/en\/wp-json\/wp\/v2\/users\/2"}],"replies":[{"embeddable":true,"href":"https:\/\/gefaesspraxis-muenchen-sued.de\/en\/wp-json\/wp\/v2\/comments?post=15361"}],"version-history":[{"count":309,"href":"https:\/\/gefaesspraxis-muenchen-sued.de\/en\/wp-json\/wp\/v2\/pages\/15361\/revisions"}],"predecessor-version":[{"id":17224,"href":"https:\/\/gefaesspraxis-muenchen-sued.de\/en\/wp-json\/wp\/v2\/pages\/15361\/revisions\/17224"}],"wp:featuredmedia":[{"embeddable":true,"href":"https:\/\/gefaesspraxis-muenchen-sued.de\/en\/wp-json\/wp\/v2\/media\/17167"}],"wp:attachment":[{"href":"https:\/\/gefaesspraxis-muenchen-sued.de\/en\/wp-json\/wp\/v2\/media?parent=15361"}],"curies":[{"name":"wp","href":"https:\/\/api.w.org\/{rel}","templated":true}]}}