{"id":15123,"date":"2024-03-19T10:40:12","date_gmt":"2024-03-19T10:40:12","guid":{"rendered":"http:\/\/dev.gefaesspraxis-muenchen-sued.de\/?page_id=15123"},"modified":"2024-03-19T10:58:32","modified_gmt":"2024-03-19T10:58:32","slug":"termine","status":"publish","type":"page","link":"https:\/\/gefaesspraxis-muenchen-sued.de\/en\/termine\/","title":{"rendered":"Termine"},"content":{"rendered":"\t\t<div data-elementor-type=\"wp-page\" data-elementor-id=\"15123\" class=\"elementor elementor-15123\">\n\t\t\t\t\t\t<section class=\"elementor-section elementor-top-section elementor-element elementor-element-6de117b elementor-section-full_width elementor-section-height-default elementor-section-height-default qodef-elementor-content-no\" data-id=\"6de117b\" data-element_type=\"section\" data-e-type=\"section\">\n\t\t\t\t\t\t<div class=\"elementor-container elementor-column-gap-default\">\n\t\t\t\t\t<div class=\"elementor-column elementor-col-100 elementor-top-column elementor-element elementor-element-0ce3b14\" data-id=\"0ce3b14\" data-element_type=\"column\" data-e-type=\"column\">\n\t\t\t<div class=\"elementor-widget-wrap elementor-element-populated\">\n\t\t\t\t\t\t<div class=\"elementor-element elementor-element-e4655fa elementor-widget elementor-widget-promedica_core_google_map\" data-id=\"e4655fa\" data-element_type=\"widget\" data-e-type=\"widget\" data-widget_type=\"promedica_core_google_map.default\">\n\t\t\t\t<div class=\"elementor-widget-container\">\n\t\t\t\t\t<div class=\"qodef-shortcode qodef-m  qodef-google-map\">\n\t<div class=\"qodef-m-map\" id=\"qodef-map-id--167\" data-addresses='[\"https:\/\/www.google.com\/maps\/place\/Lower+Manhattan,+New+York,+NY+10013,+USA\/@40.7182087,-74.0123712,15.17z\/data=!4m12!1m6!3m5!1s0x0:0xf430ccc5401d1eed!2s9%2F11+Memorial+%26+Museum!8m2!3d40.7115265!4d-74.0123732!3m4!1s0x89c25a203aefdc75:0x31ae5e86d6fa959!8m2!3d40.7169851!4d-74.0055068\"]' data-pin=https:\/\/gefaesspraxis-muenchen-sued.de\/wp-content\/uploads\/2021\/03\/map-pin.png data-unique-id=167 data-height=700><\/div>\n<\/div>\n\t\t\t\t<\/div>\n\t\t\t\t<\/div>\n\t\t\t\t\t<\/div>\n\t\t<\/div>\n\t\t\t\t\t<\/div>\n\t\t<\/section>\n\t\t\t\t<section class=\"elementor-section elementor-top-section elementor-element elementor-element-51360fb elementor-section-full_width qodef-elementor-content-grid elementor-section-height-default elementor-section-height-default\" data-id=\"51360fb\" data-element_type=\"section\" data-e-type=\"section\">\n\t\t\t\t\t\t<div class=\"elementor-container elementor-column-gap-default\">\n\t\t\t\t\t<div class=\"elementor-column elementor-col-50 elementor-top-column elementor-element elementor-element-73345ea\" data-id=\"73345ea\" data-element_type=\"column\" data-e-type=\"column\">\n\t\t\t<div class=\"elementor-widget-wrap elementor-element-populated\">\n\t\t\t\t\t\t<div class=\"elementor-element elementor-element-179c4ed elementor-widget__width-inherit elementor-widget-tablet__width-inherit elementor-widget-mobile__width-inherit elementor-widget elementor-widget-promedica_core_section_title\" data-id=\"179c4ed\" data-element_type=\"widget\" data-e-type=\"widget\" data-widget_type=\"promedica_core_section_title.default\">\n\t\t\t\t<div class=\"elementor-widget-container\">\n\t\t\t\t\t<div class=\"qodef-shortcode qodef-m  qodef-section-title qodef-alignment--left  \">\n\t\t<h2 class=\"qodef-m-title\" >\n\t\t\t\t\tSo erreichen Sie uns\t\t\t<\/h2>\n\t\t<p class=\"qodef-m-subtitle\" style=\"font-size: 20px\">\n\tWir sind telefonisch und per E-Mail f\u00fcr Sie erreichbar.\t<\/p>\n\t<\/div>\n\t\t\t\t<\/div>\n\t\t\t\t<\/div>\n\t\t\t\t<div class=\"elementor-element elementor-element-bc3a4f9 elementor-widget elementor-widget-spacer\" data-id=\"bc3a4f9\" data-element_type=\"widget\" data-e-type=\"widget\" data-widget_type=\"spacer.default\">\n\t\t\t\t<div class=\"elementor-widget-container\">\n\t\t\t\t\t\t\t<div class=\"elementor-spacer\">\n\t\t\t<div class=\"elementor-spacer-inner\"><\/div>\n\t\t<\/div>\n\t\t\t\t\t\t<\/div>\n\t\t\t\t<\/div>\n\t\t\t\t<div class=\"elementor-element elementor-element-4ca89dc elementor-widget elementor-widget-text-editor\" data-id=\"4ca89dc\" data-element_type=\"widget\" data-e-type=\"widget\" data-widget_type=\"text-editor.default\">\n\t\t\t\t<div class=\"elementor-widget-container\">\n\t\t\t\t\t\t\t\t\t<h5>Telefon:<\/h5>\t\t\t\t\t\t\t\t<\/div>\n\t\t\t\t<\/div>\n\t\t\t\t<div class=\"elementor-element elementor-element-08378cb elementor-widget elementor-widget-text-editor\" data-id=\"08378cb\" data-element_type=\"widget\" data-e-type=\"widget\" data-widget_type=\"text-editor.default\">\n\t\t\t\t<div class=\"elementor-widget-container\">\n\t\t\t\t\t\t\t\t\t<h3><a href=\"tel:123456789\"><span style=\"color: #6a6bbf;\">+ 49(0)89 64 18 63 78<\/span><\/a><\/h3>\t\t\t\t\t\t\t\t<\/div>\n\t\t\t\t<\/div>\n\t\t\t\t<div class=\"elementor-element elementor-element-45b5bae elementor-widget-divider--view-line elementor-widget elementor-widget-divider\" data-id=\"45b5bae\" data-element_type=\"widget\" data-e-type=\"widget\" data-widget_type=\"divider.default\">\n\t\t\t\t<div class=\"elementor-widget-container\">\n\t\t\t\t\t\t\t<div class=\"elementor-divider\">\n\t\t\t<span class=\"elementor-divider-separator\">\n\t\t\t\t\t\t<\/span>\n\t\t<\/div>\n\t\t\t\t\t\t<\/div>\n\t\t\t\t<\/div>\n\t\t\t\t<div class=\"elementor-element elementor-element-46bae36 elementor-widget elementor-widget-text-editor\" data-id=\"46bae36\" data-element_type=\"widget\" data-e-type=\"widget\" data-widget_type=\"text-editor.default\">\n\t\t\t\t<div class=\"elementor-widget-container\">\n\t\t\t\t\t\t\t\t\t<p>Per E-Mail unter info@gefaesspraxis-muenchen-sued k\u00f6nnen Sie uns Ihr Anliegen in Ruhe beschreiben.<\/p>\t\t\t\t\t\t\t\t<\/div>\n\t\t\t\t<\/div>\n\t\t\t\t\t<\/div>\n\t\t<\/div>\n\t\t\t\t<div class=\"elementor-column elementor-col-50 elementor-top-column elementor-element elementor-element-3fc3843\" data-id=\"3fc3843\" data-element_type=\"column\" data-e-type=\"column\" data-settings=\"{&quot;background_background&quot;:&quot;classic&quot;}\">\n\t\t\t<div class=\"elementor-widget-wrap elementor-element-populated\">\n\t\t\t\t\t\t<div class=\"elementor-element elementor-element-adde50c elementor-widget__width-initial elementor-widget-tablet__width-inherit elementor-widget elementor-widget-promedica_core_booking_form\" data-id=\"adde50c\" data-element_type=\"widget\" data-e-type=\"widget\" data-widget_type=\"promedica_core_booking_form.default\">\n\t\t\t\t<div class=\"elementor-widget-container\">\n\t\t\t\t\t\n<div class=\"qodef-shortcode qodef-m  qodef-booking-form qodef-skin--dark qodef-select-fields-full-width--no\" data-depts-doctors=\"{&quot;Innere Medizin&quot;:[{&quot;id&quot;:15354,&quot;name&quot;:&quot;Dr. med. Vanessa Raab&quot;}]}\">\n\n\t\t\t<h2 class=\"qodef-m-title\">\n\t\t\tBuchen Sie Ihren Termin\t\t<\/h2>\n\t\n\t<form class=\"qodef-m-form\" method=\"POST\">\n\n\t\t<div class=\"qodef-m-form-items\">\n\n\t\t\t<div class=\"qodef-m-form-items-top\">\n\n\t\t\t\t<div class=\"qodef-e-form-item\">\n\t\t\t\t\t\t\t\t\t\t\t<select class=\"qodef-select2 qodef-booking-departments\" name=\"qodef-booking-department\">\n\t\t\t\t\t\t\t<option value=\"\">Select Department<\/option>\n\t\t\t\t\t\t\t\t\t\t\t\t\t\t\t<option value=\"Innere Medizin\">Innere Medizin<\/option>\n\t\t\t\t\t\t\t\t\t\t\t\t\t<\/select>\n\t\t\t\t\t\t\t\t\t<\/div>\n\n\t\t\t\t<div class=\"qodef-e-form-item\">\n\t\t\t\t\t\t\t\t\t\t\t<select class=\"qodef-select2 qodef-booking-doctors\" name=\"qodef-booking-doctor\">\n\t\t\t\t\t\t\t<option value=\"\">Select Doctor<\/option>\n\t\t\t\t\t\t<\/select>\n\t\t\t\t\t\t\t\t\t<\/div>\n\n\t\t\t<\/div>\n\n\t\t\t<div class=\"qodef-m-form-items-bottom\">\n\n\t\t\t\t<div class=\"qodef-e-form-item\">\n\t\t\t\t\t<input type=\"text\" class=\"qodef-booking-name\" name=\"qodef-booking-name\"\n\t\t\t\t\t       placeholder=\"Your Full Name\">\n\t\t\t\t<\/div>\n\n\t\t\t\t<div class=\"qodef-e-form-item\">\n\t\t\t\t\t<input type=\"text\" class=\"qodef-booking-contact\" name=\"qodef-booking-contact\"\n\t\t\t\t\t       placeholder=\"Your Phone\">\n\t\t\t\t<\/div>\n\n\t\t\t\t<div class=\"qodef-e-form-item\">\n\t\t\t\t\t<input type=\"text\" class=\"qodef-m-date\" name=\"qodef-booking-date\" autocomplete=\"off\"\n\t\t\t\t\t       placeholder=\"Select Date\">\n\t\t\t\t\t<div class=\"qodef-e-field-icon-holder\"><\/div>\n\t\t\t\t<\/div>\n\n\t\t\t\t<div class=\"qodef-e-form-item\">\n\t\t\t\t\t<input type=\"text\" class=\"qodef-m-time\" name=\"qodef-booking-time\" autocomplete=\"off\"\n\t\t\t\t\t       placeholder=\"Select Time\">\n\t\t\t\t\t<div class=\"qodef-e-field-icon-holder\"><\/div>\n\t\t\t\t<\/div>\n\n\t\t\t<\/div>\n\n\t\t<\/div>\n\n\t\t<button type=\"submit\" class=\"qodef-shortcode qodef-m  qodef-button qodef-layout--filled   \"  >\t<span class=\"qodef-btn-text\">Book Now<\/span><\/button>\n\t\t<div class=\"qodef-m-response\"><\/div>\n\n\t<\/form>\n\n<\/div>\n\t\t\t\t<\/div>\n\t\t\t\t<\/div>\n\t\t\t\t\t<\/div>\n\t\t<\/div>\n\t\t\t\t\t<\/div>\n\t\t<\/section>\n\t\t\t\t<\/div>\n\t\t","protected":false},"excerpt":{"rendered":"<p>So erreichen Sie uns Wir sind telefonisch und per E-Mail f\u00fcr Sie erreichbar. Telefon: + 49(0)89 64 18 63 78 Per E-Mail unter info@gefaesspraxis-muenchen-sued k\u00f6nnen Sie uns Ihr Anliegen in Ruhe beschreiben. Buchen Sie Ihren Termin Select DepartmentCardiac SurgeryCardiologyEndocrinologyGynecologyNeurologyOphthalmologyOrthopedic SurgeryOrthopedicsPulmonology Select Doctor Book Now<\/p>","protected":false},"author":2,"featured_media":0,"parent":0,"menu_order":0,"comment_status":"closed","ping_status":"closed","template":"page-full-width.php","meta":{"footnotes":""},"class_list":["post-15123","page","type-page","status-publish","hentry"],"yoast_head":"<!-- This site is optimized with the Yoast SEO plugin v27.5 - https:\/\/yoast.com\/product\/yoast-seo-wordpress\/ -->\n<title>Termine - Gef\u00e4\u00dfpraxis M\u00fcnchen-S\u00fcd<\/title>\n<meta name=\"description\" content=\"Buchen Sie Ihren Termin jetzt bei der Gef\u00e4ssklinik M\u00fcnchen-S\u00fcd\" \/>\n<meta name=\"robots\" content=\"index, follow, max-snippet:-1, max-image-preview:large, max-video-preview:-1\" \/>\n<link rel=\"canonical\" href=\"https:\/\/gefaesspraxis-muenchen-sued.de\/en\/termine\/\" \/>\n<meta property=\"og:locale\" content=\"en_GB\" \/>\n<meta property=\"og:type\" content=\"article\" \/>\n<meta property=\"og:title\" content=\"Termine - Gef\u00e4\u00dfpraxis M\u00fcnchen-S\u00fcd\" \/>\n<meta property=\"og:description\" content=\"Buchen Sie Ihren Termin jetzt bei der Gef\u00e4ssklinik M\u00fcnchen-S\u00fcd\" \/>\n<meta property=\"og:url\" content=\"https:\/\/gefaesspraxis-muenchen-sued.de\/en\/termine\/\" \/>\n<meta property=\"og:site_name\" content=\"Gef\u00e4\u00dfpraxis M\u00fcnchen-S\u00fcd\" \/>\n<meta property=\"article:modified_time\" content=\"2024-03-19T10:58:32+00:00\" \/>\n<meta property=\"og:image\" content=\"https:\/\/gefaesspraxis-muenchen-sued.de\/wp-content\/uploads\/2024\/03\/IMG07117_ret_header.jpg\" \/>\n\t<meta property=\"og:image:width\" content=\"1900\" \/>\n\t<meta property=\"og:image:height\" content=\"700\" \/>\n\t<meta property=\"og:image:type\" content=\"image\/jpeg\" \/>\n<meta name=\"twitter:card\" content=\"summary_large_image\" \/>\n<meta name=\"twitter:label1\" content=\"Estimated reading time\" \/>\n\t<meta name=\"twitter:data1\" content=\"1 minute\" \/>\n<script type=\"application\/ld+json\" class=\"yoast-schema-graph\">{\"@context\":\"https:\\\/\\\/schema.org\",\"@graph\":[{\"@type\":\"WebPage\",\"@id\":\"https:\\\/\\\/gefaesspraxis-muenchen-sued.de\\\/termine\\\/\",\"url\":\"https:\\\/\\\/gefaesspraxis-muenchen-sued.de\\\/termine\\\/\",\"name\":\"Termine - Gef\u00e4\u00dfpraxis M\u00fcnchen-S\u00fcd\",\"isPartOf\":{\"@id\":\"https:\\\/\\\/gefaesspraxis-muenchen-sued.de\\\/#website\"},\"datePublished\":\"2024-03-19T10:40:12+00:00\",\"dateModified\":\"2024-03-19T10:58:32+00:00\",\"description\":\"Buchen Sie Ihren Termin jetzt bei der Gef\u00e4ssklinik M\u00fcnchen-S\u00fcd\",\"breadcrumb\":{\"@id\":\"https:\\\/\\\/gefaesspraxis-muenchen-sued.de\\\/termine\\\/#breadcrumb\"},\"inLanguage\":\"en-GB\",\"potentialAction\":[{\"@type\":\"ReadAction\",\"target\":[\"https:\\\/\\\/gefaesspraxis-muenchen-sued.de\\\/termine\\\/\"]}]},{\"@type\":\"BreadcrumbList\",\"@id\":\"https:\\\/\\\/gefaesspraxis-muenchen-sued.de\\\/termine\\\/#breadcrumb\",\"itemListElement\":[{\"@type\":\"ListItem\",\"position\":1,\"name\":\"Startseite\",\"item\":\"https:\\\/\\\/gefaesspraxis-muenchen-sued.de\\\/\"},{\"@type\":\"ListItem\",\"position\":2,\"name\":\"Termine\"}]},{\"@type\":\"WebSite\",\"@id\":\"https:\\\/\\\/gefaesspraxis-muenchen-sued.de\\\/#website\",\"url\":\"https:\\\/\\\/gefaesspraxis-muenchen-sued.de\\\/\",\"name\":\"Gef\u00e4\u00dfpraxis M\u00fcnchen-S\u00fcd\",\"description\":\"Privatpraxis f\u00fcr Gef\u00e4\u00dfmedizin und Innere Medizin in M\u00fcnchen-S\u00fcd\",\"potentialAction\":[{\"@type\":\"SearchAction\",\"target\":{\"@type\":\"EntryPoint\",\"urlTemplate\":\"https:\\\/\\\/gefaesspraxis-muenchen-sued.de\\\/?s={search_term_string}\"},\"query-input\":{\"@type\":\"PropertyValueSpecification\",\"valueRequired\":true,\"valueName\":\"search_term_string\"}}],\"inLanguage\":\"en-GB\"}]}<\/script>\n<!-- \/ Yoast SEO plugin. -->","yoast_head_json":{"title":"Termine - Gef\u00e4\u00dfpraxis M\u00fcnchen-S\u00fcd","description":"Buchen Sie Ihren Termin jetzt bei der Gef\u00e4ssklinik M\u00fcnchen-S\u00fcd","robots":{"index":"index","follow":"follow","max-snippet":"max-snippet:-1","max-image-preview":"max-image-preview:large","max-video-preview":"max-video-preview:-1"},"canonical":"https:\/\/gefaesspraxis-muenchen-sued.de\/en\/termine\/","og_locale":"en_GB","og_type":"article","og_title":"Termine - Gef\u00e4\u00dfpraxis M\u00fcnchen-S\u00fcd","og_description":"Buchen Sie Ihren Termin jetzt bei der Gef\u00e4ssklinik M\u00fcnchen-S\u00fcd","og_url":"https:\/\/gefaesspraxis-muenchen-sued.de\/en\/termine\/","og_site_name":"Gef\u00e4\u00dfpraxis M\u00fcnchen-S\u00fcd","article_modified_time":"2024-03-19T10:58:32+00:00","og_image":[{"width":1900,"height":700,"url":"https:\/\/gefaesspraxis-muenchen-sued.de\/wp-content\/uploads\/2024\/03\/IMG07117_ret_header.jpg","type":"image\/jpeg"}],"twitter_card":"summary_large_image","twitter_misc":{"Estimated reading time":"1 minute"},"schema":{"@context":"https:\/\/schema.org","@graph":[{"@type":"WebPage","@id":"https:\/\/gefaesspraxis-muenchen-sued.de\/termine\/","url":"https:\/\/gefaesspraxis-muenchen-sued.de\/termine\/","name":"Termine - Gef\u00e4\u00dfpraxis M\u00fcnchen-S\u00fcd","isPartOf":{"@id":"https:\/\/gefaesspraxis-muenchen-sued.de\/#website"},"datePublished":"2024-03-19T10:40:12+00:00","dateModified":"2024-03-19T10:58:32+00:00","description":"Buchen Sie Ihren Termin jetzt bei der Gef\u00e4ssklinik M\u00fcnchen-S\u00fcd","breadcrumb":{"@id":"https:\/\/gefaesspraxis-muenchen-sued.de\/termine\/#breadcrumb"},"inLanguage":"en-GB","potentialAction":[{"@type":"ReadAction","target":["https:\/\/gefaesspraxis-muenchen-sued.de\/termine\/"]}]},{"@type":"BreadcrumbList","@id":"https:\/\/gefaesspraxis-muenchen-sued.de\/termine\/#breadcrumb","itemListElement":[{"@type":"ListItem","position":1,"name":"Startseite","item":"https:\/\/gefaesspraxis-muenchen-sued.de\/"},{"@type":"ListItem","position":2,"name":"Termine"}]},{"@type":"WebSite","@id":"https:\/\/gefaesspraxis-muenchen-sued.de\/#website","url":"https:\/\/gefaesspraxis-muenchen-sued.de\/","name":"Gef\u00e4\u00dfpraxis M\u00fcnchen-S\u00fcd","description":"Privatpraxis f\u00fcr Gef\u00e4\u00dfmedizin und Innere Medizin in M\u00fcnchen-S\u00fcd","potentialAction":[{"@type":"SearchAction","target":{"@type":"EntryPoint","urlTemplate":"https:\/\/gefaesspraxis-muenchen-sued.de\/?s={search_term_string}"},"query-input":{"@type":"PropertyValueSpecification","valueRequired":true,"valueName":"search_term_string"}}],"inLanguage":"en-GB"}]}},"_links":{"self":[{"href":"https:\/\/gefaesspraxis-muenchen-sued.de\/en\/wp-json\/wp\/v2\/pages\/15123","targetHints":{"allow":["GET"]}}],"collection":[{"href":"https:\/\/gefaesspraxis-muenchen-sued.de\/en\/wp-json\/wp\/v2\/pages"}],"about":[{"href":"https:\/\/gefaesspraxis-muenchen-sued.de\/en\/wp-json\/wp\/v2\/types\/page"}],"author":[{"embeddable":true,"href":"https:\/\/gefaesspraxis-muenchen-sued.de\/en\/wp-json\/wp\/v2\/users\/2"}],"replies":[{"embeddable":true,"href":"https:\/\/gefaesspraxis-muenchen-sued.de\/en\/wp-json\/wp\/v2\/comments?post=15123"}],"version-history":[{"count":8,"href":"https:\/\/gefaesspraxis-muenchen-sued.de\/en\/wp-json\/wp\/v2\/pages\/15123\/revisions"}],"predecessor-version":[{"id":15132,"href":"https:\/\/gefaesspraxis-muenchen-sued.de\/en\/wp-json\/wp\/v2\/pages\/15123\/revisions\/15132"}],"wp:attachment":[{"href":"https:\/\/gefaesspraxis-muenchen-sued.de\/en\/wp-json\/wp\/v2\/media?parent=15123"}],"curies":[{"name":"wp","href":"https:\/\/api.w.org\/{rel}","templated":true}]}}